{"id":328,"date":"2016-03-04T11:11:35","date_gmt":"2016-03-04T10:11:35","guid":{"rendered":"https:\/\/www.elitecoiff.be\/nl\/?page_id=328"},"modified":"2016-03-04T11:59:01","modified_gmt":"2016-03-04T10:59:01","slug":"onze-opleiding","status":"publish","type":"page","link":"https:\/\/www.elitecoiff.be\/nl\/opleiding\/onze-opleiding\/","title":{"rendered":"Onze opleiding"},"content":{"rendered":"<div class=\"wpb-content-wrapper\">[vc_row][vc_column]<div class=\"separator_block left\" style=\"margin-bottom:30px;\"><h3>Opleiding pruiken<\/h3><div class=\"separator fullwidth\"><div class=\"separator_line\"><\/div><\/div><div class=\"clearfix\"><\/div><\/div>[vc_toggle title=\"Opleiding pruiken : Initiatie\" el_id=\"1456925462646-9c76a31c-2045\"]\n<ul>\n<li>Praktijkkennis van de verschillende producten<\/li>\n<li>Praktijkkennis van de verschillende types kapjes<\/li>\n<li>De verschillende kleuren kennen (nummering)<\/li>\n<li>Kennis van en werken met kunstmatige vezel<\/li>\n<li>Kennis van pruiken in natuurlijk haar<\/li>\n<li>Coupe \u2013 brushing \u2013 transformatie<\/li>\n<li>Aanpassen van het kapje<\/li>\n<li>Kennis van de bijbehorende producten<\/li>\n<li>De verschillende diensten aan de klanten aanbieden<\/li>\n<li>Begeleiding van de klanten<\/li>\n<\/ul>\n<p><span style=\"text-decoration: underline;\">Doelpubliek<\/span> : Kapper \u2013 kapster<\/p>\n<p>Verzorgend personeel<\/p>\n<p><span style=\"text-decoration: underline;\">Opmerking<\/span> : (gebruik van betalend materiaal)<\/p>\n<p><span style=\"text-decoration: underline;\">Volgende data<\/span> : Samen beslissen<\/p>\n<p><a href=\"\/les-formations\/participer\/\">Aanmelden<\/a>[\/vc_toggle][vc_toggle title=\"Formation Milieu Hospitalier \u2013 Module 1 : Initiation\" el_id=\"1456925543210-31e2cdac-21a6\"]<strong>Mieux comprendre et mieux ma\u00eetriser les relations avec l\u2019environnement hospitalier<\/strong><\/p>\n<p><strong>Comment entrer dans le march\u00e9 hospitalier ?<\/strong><\/p>\n<p>Des clefs pour :<\/p>\n<ul>\n<li>Appr\u00e9hender le milieu hospitalier.<\/li>\n<li>Mettre en place une nouvelle approche de communi- cation.<\/li>\n<li>Etablir une strat\u00e9gie d\u2019implantation dans le march\u00e9.Moyens p\u00e9dagogiques :- expos\u00e9s oraux,<\/li>\n<li>Exercices en situation,<\/li>\n<li>Travail de groupe \u00e0 partir d\u2019\u00e9l\u00e9ments sp\u00e9cialement con\u00e7us pour ce type de formation,<\/li>\n<li>Mise en commun des \u00e9l\u00e9ments de perception et de mesure de l\u2019environnement hospitalier,<\/li>\n<li>Jeux de r\u00f4les,<\/li>\n<li>Etc\u2026<\/li>\n<\/ul>\n<p><span style=\"text-decoration: underline;\">Public cible<\/span> : Coiffeur - coiffeuse, personnel soignant<\/p>\n<p><span style=\"text-decoration: underline;\">Remarques<\/span> :<br \/>\nAcquisition d\u2019une meilleure connaissance de cet environnement et de ses attentes et acquisition d\u2019une m\u00e9thodologie de travail adapt\u00e9e au domaine de la Sant\u00e9;<\/p>\n<p><span style=\"text-decoration: underline;\">Prochaine(s) date(s)<\/span> : A fixer de commun accord<\/p>\n<p><a href=\"\/les-formations\/participer\/\">S'inscrire<\/a>[\/vc_toggle][vc_toggle title=\"Formation Milieu Hospitalier \u2013 Module 2 : Initiation\" el_id=\"1456925764348-47f2c0ac-5ce5\"]<strong>Mise en relation sur le terrain<\/strong><\/p>\n<ul>\n<li>Pouvoir et savoir prendre contact avec le milieu hospitalier<\/li>\n<li>Pouvoir et savoir mener un entretien \u00e9labor\u00e9 avec un oncologue, un dermatologue, etc.<\/li>\n<li>Pouvoir entretenir une relation suivie avec le personnel soignant<\/li>\n<li>Pouvoir et savoir mener une r\u00e9union de service en milieu hospitalier<\/li>\n<\/ul>\n<p><span style=\"text-decoration: underline;\">Public cible<\/span> : Coiffeur - coiffeuse, personnel soignant<\/p>\n<p><span style=\"text-decoration: underline;\">Prochaine(s) date(s)<\/span> : A fixer de commun accord<\/p>\n<p><a href=\"\/les-formations\/participer\/\">S'inscrire<\/a>[\/vc_toggle][\/vc_column][\/vc_row][vc_row][vc_column]<div class=\"separator_block left\" style=\"margin-bottom:30px;\"><h3>Formation extension<\/h3><div class=\"separator fullwidth\"><div class=\"separator_line\"><\/div><\/div><div class=\"clearfix\"><\/div><\/div>[vc_toggle title=\"Formation extension : Initiation\" el_id=\"1456925927503-dc2f1ffb-aad1\"]\n<ul>\n<li>Th\u00e9orie :\n<ul>\n<li>Tout ce que l\u2019on peut faire<\/li>\n<li>Tout ce que l\u2019on ne peut pas faire<\/li>\n<\/ul>\n<\/li>\n<li>Mise en pratique sous contr\u00f4le sur t\u00eate mall\u00e9able<\/li>\n<li>Entretien des Hairs Extensions<\/li>\n<li>Mat\u00e9riel n\u00e9cessaire :\n<ul>\n<li>une t\u00eate mall\u00e9able<\/li>\n<li>1 kit extension + \u00e9tau<\/li>\n<li>100 m\u00e8ches<\/li>\n<\/ul>\n<\/li>\n<\/ul>\n<p><span style=\"text-decoration: underline;\">Public cible<\/span> : Coiffeur, coiffeuse<\/p>\n<p><span style=\"text-decoration: underline;\">Prochaine(s) date(s)<\/span> : A fixer de commun accord<\/p>\n<p><a href=\"\/les-formations\/participer\/\">S'inscrire<\/a>[\/vc_toggle][\/vc_column][\/vc_row][vc_row][vc_column]<div class=\"separator_block left\" style=\"margin-bottom:30px;\"><h3>Formation de soins des cheveux et du cuir chevelu<\/h3><div class=\"separator fullwidth\"><div class=\"separator_line\"><\/div><\/div><div class=\"clearfix\"><\/div><\/div>[vc_toggle title=\"Formation soins cheveu et cuir chevelu \u2013 Module 1 : Initiation\" el_id=\"1456926007597-de3873e3-f1df\"]Connaissance des diff\u00e9rents produits \u00e0 disposition<\/p>\n<p>Composition et utilisation<\/p>\n<ul>\n<li>La coloration<\/li>\n<li>Connaissance des diff\u00e9rentes carence et disgr\u00e2ce capillaire<\/li>\n<li>Aromath\u00e9rapie et phytoth\u00e9rapie<\/li>\n<li>Diff\u00e9rence et applications<\/li>\n<li>Utilisation des m\u00e9thodes<\/li>\n<\/ul>\n<p><span style=\"text-decoration: underline;\">Public cible<\/span> : Coiffeur, coiffeuse, centre de beaut\u00e9, infirmier, infirmi\u00e8re<\/p>\n<p><span style=\"text-decoration: underline;\">Prochaine(s) date(s)<\/span> : A fixer de commun accord<\/p>\n<p><a href=\"\/les-formations\/participer\/\">S'inscrire<\/a>[\/vc_toggle][vc_toggle title=\"Formation soins cheveu et cuir chevelu \u2013 Module 2 : Initiation\" el_id=\"1456926023698-9ff209a3-e20a\"]Analyse clinique \u2013 Le trichogramme\/Micro cam\u00e9ra<\/p>\n<p>Interpr\u00e9tation<\/p>\n<ul>\n<li>Soins \u00e0 proposer :\n<ul>\n<li>en cabine et \u00e0 domicile<\/li>\n<\/ul>\n<\/li>\n<li>La stimuloth\u00e9rapie\n<ul>\n<li>l\u2019 IAC3<\/li>\n<li>exercice<\/li>\n<li>application dans la r\u00e9alit\u00e9<\/li>\n<\/ul>\n<\/li>\n<li>Connaissance des diff\u00e9rentes carence et disgr\u00e2ce capillaire<\/li>\n<li>Approche des techniques de ventes<\/li>\n<\/ul>\n<p><span style=\"text-decoration: underline;\">Public cible<\/span> : Coiffeur, coiffeuse, centre de beaut\u00e9, infirmier, infirmi\u00e8re<\/p>\n<p><span style=\"text-decoration: underline;\">Prochaine(s) date(s)<\/span> : A fixer de commun accord<\/p>\n<p><a href=\"\/les-formations\/participer\/\">S'inscrire<\/a>[\/vc_toggle][vc_toggle title=\"Formation soins cheveu et cuir chevelu \u2013 Module 3 : Initiation\" el_id=\"1456926033907-72108322-d599\"]Mise en pratique sur le site \u2013 sur des clientes<br \/>\nLes m\u00e9thodes et les applications<\/p>\n<p>Evaluation des am\u00e9liorations en infrastructure<br \/>\n(cabine \u2013 bureau \u2013 vitrine)<\/p>\n<ul>\n<li>Technique de vente \u2013 suivi des clients<\/li>\n<li>Communication \u2014&gt; \u00e9tude<\/li>\n<li>Documents n\u00e9cessaire<\/li>\n<li>Mise en valeur des locaux \u2013 vitrine<\/li>\n<\/ul>\n<p><span style=\"text-decoration: underline;\">Public cible<\/span> : Coiffeur, coiffeuse, centre de beaut\u00e9, infirmier, infirmi\u00e8re<\/p>\n<p><span style=\"text-decoration: underline;\">Prochaine(s) date(s)<\/span> : A fixer de commun accord<\/p>\n<p><a href=\"\/les-formations\/participer\/\">S'inscrire<\/a>[\/vc_toggle][vc_toggle title=\"Perfectionnement soins cheveu et cuir chevelu : Perfectionnement\" el_id=\"1456926044187-414583be-bc02\"]\n<ul>\n<li>Pouvoir et savoir am\u00e9liorer le \u2018marchanding\u2019 propre aux produits de soins<\/li>\n<li>Pouvoir et savoir \u00e9laborer des fiches clients sous syst\u00e8me informatique pour avoir un suivi pointu des clients<\/li>\n<li>Etudes des opportunit\u00e9s propres aux sites<\/li>\n<li>Etudes des moyens de communication disponibles dans la r\u00e9gion et propre \u00e0 l\u2019activit\u00e9 et mise en pratique<\/li>\n<\/ul>\n<p><span style=\"text-decoration: underline;\">Public cible<\/span> : Coiffeur, coiffeuse, centre de beaut\u00e9, infirmier, infirmi\u00e8re<\/p>\n<p><span style=\"text-decoration: underline;\">Prochaine(s) date(s)<\/span> : A fixer de commun accord<\/p>\n<p><a href=\"\/les-formations\/participer\/\">S'inscrire<\/a>[\/vc_toggle][\/vc_column][\/vc_row][vc_row][vc_column]<div class=\"separator_block left\" style=\"margin-bottom:30px;\"><h3>Formation proth\u00e8se capillaire<\/h3><div class=\"separator fullwidth\"><div class=\"separator_line\"><\/div><\/div><div class=\"clearfix\"><\/div><\/div>[vc_toggle title=\"Formation proth\u00e8se capillaire \u2013 Module 1\" el_id=\"1456926058065-58f773eb-3578\"]Mieux comprendre et mieux ma\u00eetriser les relations avec l\u2019environnement hospitalier<\/p>\n<ul>\n<li>Savoir adapter l\u2019infrastructure<\/li>\n<li>Le prospect<\/li>\n<li>Approche positive du client<\/li>\n<li>Savoir accueillir le client \u00e0 l\u2019institut capillaire<\/li>\n<li>Pouvoir discerner les diff\u00e9rents produits \u00e0 disposition<\/li>\n<li>Savoir r\u00e9aliser une empreinte<\/li>\n<li>Pouvoir r\u00e9aliser et placer un remplacement capillaire sur mesure<\/li>\n<li>Pouvoir conseiller sur le pr\u00eat \u00e0 poser et savoir placer la proth\u00e8se<\/li>\n<li>Conna\u00eetre les diff\u00e9rents types de fabrication du remplacement capillaire<\/li>\n<li>Conna\u00eetre et savoir appliquer 3 diff\u00e9rents types de fixations<\/li>\n<\/ul>\n<p><span style=\"text-decoration: underline;\">Public cible<\/span> : Coiffeur, coiffeuse<\/p>\n<p><span style=\"text-decoration: underline;\">Prochaine(s) date(s)<\/span> : A fixer de commun accord<\/p>\n<p><a href=\"\/les-formations\/participer\/\">S'inscrire<\/a>[\/vc_toggle][vc_toggle title=\"Formation proth\u00e8se capillaire \u2013 Module 2\" el_id=\"1456926068685-e703f5dd-f4e3\"]Pouvoir adapter un remplacement capillaire d\u2019une mani\u00e8re artistique et technique en fonction du client<\/p>\n<ul>\n<li>Pouvoir discerner les diff\u00e9rents m\u00e9dias afin d\u2019avoir une communication optimale<\/li>\n<li>Savoir et pouvoir r\u00e9aliser une vente<\/li>\n<li>Suivi et fid\u00e9lisation du client<\/li>\n<\/ul>\n<p><span style=\"text-decoration: underline;\">Public cible<\/span> : Coiffeur, coiffeuse<\/p>\n<p><span style=\"text-decoration: underline;\">Prochaine(s) date(s)<\/span> : A fixer de commun accord<\/p>\n<p><a href=\"\/les-formations\/participer\/\">S'inscrire<\/a>[\/vc_toggle][\/vc_column][\/vc_row]\n<\/div>","protected":false},"excerpt":{"rendered":"<p>[vc_row][vc_column][vc_toggle title=&#8221;Opleiding pruiken : Initiatie&#8221; el_id=&#8221;1456925462646-9c76a31c-2045&#8243;]<\/p>\n<p>Praktijkkennis van de verschillende producten<br \/>\nPraktijkkennis van de verschillende types kapjes<br \/>\nDe verschillende kleuren kennen (nummering)<br \/>\nKennis van en werken met kunstmatige vezel<br \/>\nKennis van pruiken in natuurlijk haar<br \/>\nCoupe \u2013 brushing \u2013 transformatie<br \/>\nAanpassen van het kapje<br \/>\nKennis van de bijbehorende producten<br \/>\nDe verschillende diensten aan de klanten aanbieden<br \/>\nBegeleiding van de klanten<\/p>\n<p>Doelpubliek : Kapper \u2013 kapster<\/p>\n<p>Verzorgend personeel<\/p>\n<p>Opmerking : (gebruik van betalend materiaal)<\/p>\n<p>Volgende data : Samen beslissen<\/p>\n<p>Aanmelden[\/vc_toggle][vc_toggle title=&#8221;Formation Milieu Hospitalier \u2013 Module 1 : Initiation&#8221; el_id=&#8221;1456925543210-31e2cdac-21a6&#8243;]Mieux comprendre et mieux ma\u00eetriser les relations avec l\u2019environnement hospitalier<\/p>\n<p>Comment entrer dans le march\u00e9 hospitalier ?<\/p>\n<p>Des clefs pour<\/p>\n","protected":false},"author":1,"featured_media":0,"parent":326,"menu_order":0,"comment_status":"closed","ping_status":"closed","template":"page-side-navigation.php","meta":{"footnotes":""},"class_list":["post-328","page","type-page","status-publish","hentry"],"_links":{"self":[{"href":"https:\/\/www.elitecoiff.be\/nl\/wp-json\/wp\/v2\/pages\/328","targetHints":{"allow":["GET"]}}],"collection":[{"href":"https:\/\/www.elitecoiff.be\/nl\/wp-json\/wp\/v2\/pages"}],"about":[{"href":"https:\/\/www.elitecoiff.be\/nl\/wp-json\/wp\/v2\/types\/page"}],"author":[{"embeddable":true,"href":"https:\/\/www.elitecoiff.be\/nl\/wp-json\/wp\/v2\/users\/1"}],"replies":[{"embeddable":true,"href":"https:\/\/www.elitecoiff.be\/nl\/wp-json\/wp\/v2\/comments?post=328"}],"version-history":[{"count":3,"href":"https:\/\/www.elitecoiff.be\/nl\/wp-json\/wp\/v2\/pages\/328\/revisions"}],"predecessor-version":[{"id":353,"href":"https:\/\/www.elitecoiff.be\/nl\/wp-json\/wp\/v2\/pages\/328\/revisions\/353"}],"up":[{"embeddable":true,"href":"https:\/\/www.elitecoiff.be\/nl\/wp-json\/wp\/v2\/pages\/326"}],"wp:attachment":[{"href":"https:\/\/www.elitecoiff.be\/nl\/wp-json\/wp\/v2\/media?parent=328"}],"curies":[{"name":"wp","href":"https:\/\/api.w.org\/{rel}","templated":true}]}}